{"id":3986,"date":"2025-04-23T10:20:05","date_gmt":"2025-04-23T08:20:05","guid":{"rendered":"https:\/\/globeetcecilhotel.com\/hotel-di-charme-4-stelle\/i-nostri-spazi\/"},"modified":"2025-10-22T10:36:27","modified_gmt":"2025-10-22T08:36:27","slug":"i-nostri-spazi","status":"publish","type":"page","link":"https:\/\/globeetcecilhotel.com\/it\/hotel-di-charme-4-stelle\/i-nostri-spazi\/","title":{"rendered":"I nostri spazi"},"content":{"rendered":"\n<section class=\"heading wp-elements-e8bf2857930ed31b71e9088fe550fd02 wp-elements-e8bf2857930ed31b71e9088fe550fd02 wp-block-acf-heading has-text-color has-primary-color has-background has-white-100-background-color\">\n\t<div class=\"heading__container\">\n\t\t\t\t\t<div class=\"heading__background-picture\">\n\t\t\t\t<img decoding=\"async\" width=\"1620\" height=\"1080\" src=\"https:\/\/globeetcecilhotel.com\/wp-content\/uploads\/sites\/2\/2025\/04\/hotel-globe-et-cecil-lobby.jpg\" class=\"attachment-full size-full\" alt=\"hotel globe et cecil lobby\" fetchpriority=\"high\" srcset=\"https:\/\/globeetcecilhotel.com\/wp-content\/uploads\/sites\/2\/2025\/04\/hotel-globe-et-cecil-lobby.jpg 1620w, https:\/\/globeetcecilhotel.com\/wp-content\/uploads\/sites\/2\/2025\/04\/hotel-globe-et-cecil-lobby-600x400.jpg 600w, https:\/\/globeetcecilhotel.com\/wp-content\/uploads\/sites\/2\/2025\/04\/hotel-globe-et-cecil-lobby-1400x933.jpg 1400w, https:\/\/globeetcecilhotel.com\/wp-content\/uploads\/sites\/2\/2025\/04\/hotel-globe-et-cecil-lobby-768x512.jpg 768w, https:\/\/globeetcecilhotel.com\/wp-content\/uploads\/sites\/2\/2025\/04\/hotel-globe-et-cecil-lobby-1536x1024.jpg 1536w\" sizes=\"(max-width: 1620px) 100vw, 1620px\" \/>\t\t\t<\/div>\n\t\t\t\t<div class=\"heading__layout\">\n\t\t\t<div class=\"heading__content-wrapper has-white-100-background-color\">\n\t\t\t\t<div class=\"heading__content has-white-100-background-color\">\n\t\t\t\t\t\t\t\t\t<p id=\"breadcrumbs\"><span><span><a href=\"https:\/\/globeetcecilhotel.com\/it\/\">Accueil<\/a><\/span><\/span><\/p>\t\t\t\t\t\t\t\t\t<div class=\"acf-innerblocks-container\">\n\n<div class=\"wp-block-group heading-content-group is-layout-grid wp-container-core-group-is-layout-96b258e4 wp-block-group-is-layout-grid\">\n<h1 class=\"wp-block-heading has-text-align-left heading__title has-primary-color has-text-color has-xx-large-font-size\">Le aree dell&#8217;hotel<\/h1>\n<\/div>\n\n<\/div>\n\t\t\t\t<\/div>\n\t\t\t\t\t\t\t\t<div class=\"heading__illustration illustration-with-parallax desktop-only\">\n\t\t\t\t\t<img decoding=\"async\" width=\"350\" height=\"350\" src=\"https:\/\/globeetcecilhotel.com\/wp-content\/uploads\/sites\/2\/2025\/04\/GRAMOPHONE.png\" class=\"attachment-full size-full\" alt=\"GRAMOPHONE\" fetchpriority=\"high\" srcset=\"https:\/\/globeetcecilhotel.com\/wp-content\/uploads\/sites\/2\/2025\/04\/GRAMOPHONE.png 350w, https:\/\/globeetcecilhotel.com\/wp-content\/uploads\/sites\/2\/2025\/04\/GRAMOPHONE-300x300.png 300w\" sizes=\"(max-width: 350px) 100vw, 350px\" \/>\t\t\t\t<\/div>\n\t\t\t\t\t\t\t<\/div>\n\t\t<\/div>\n\t<\/div>\n<\/section>\n\n\n\t<section\n\t\tstyle=\"padding-top:var(--wp--preset--spacing--theme-default);padding-bottom:var(--wp--preset--spacing--theme-default);\" class=\"block-container align wp-block-acf-block-container has-background has-white-background-color is-layout-flow wp-block-acf-block-container-is-layout-flow\"\t>\n\n\t\n\n<div class=\"wp-block-group has-global-padding is-layout-constrained wp-block-group-is-layout-constrained\">\n<h3 class=\"wp-block-heading has-text-align-left\">Benvenuti in un mondo in cui il fascino viene reinventato e l&#8217;insolito diventa evidente. <\/h3>\n\n\n\n<p class=\"has-text-align-left has-large-font-size\"> Qui, ogni angolo racconta una storia, ogni dettaglio \u00e8 un invito a sospendere il tempo nel cuore di Lione.<\/p>\n\n\n\n<p>Ogni camera del nostro boutique hotel \u00e8 un invito alla fuga. Colori audaci, dettagli maliziosi e comfort assoluto compongono mondi diversi come voi, i nostri ospiti. <\/p>\n\n\n\n<p>I salotti e le aree comuni sono come una tazza di t\u00e8 riempita al contrario: caldi, sorprendenti e deliziosamente accoglienti.<\/p>\n<\/div>\n\n\n\n<\/section>\n\n\t<section\n\t\tstyle=\"padding-top:var(--wp--preset--spacing--theme-default);padding-bottom:var(--wp--preset--spacing--theme-default);\" class=\"double-columns wp-block-acf-double-columns has-background has-white-100-background-color has-global-padding is-layout-constrained wp-container-acf-double-columns-is-layout-a22d0bdd wp-block-acf-double-columns-is-layout-constrained\"\t>\n\n<div class=\"double-columns__innerblocks\">\n\n<div class=\"wp-block-group is-vertical is-content-justification-stretch is-layout-flex wp-container-core-group-is-layout-5621715d wp-block-group-is-layout-flex\">\n<h2 class=\"wp-block-heading has-text-align-center\">L&#8217;atrio:<br\/>Scena abitativa <em><mark class=\"has-inline-color has-secondary-color\">di grande ispirazione<\/mark><\/em><\/h2>\n\n\n\n<details class=\"wp-block-details is-grey-background has-white-100-background-color has-background is-layout-flow wp-block-details-is-layout-flow\"><summary>Al riparo dal trambusto di Lione, la nostra terrazza vi trasporta in una bolla segreta dove il tempo sembra essersi fermato. Tranquilla e in posizione ideale, \u00e8 perfetta per un pranzo al sole o per una pausa con cioccolata calda. <\/summary>\n<p><\/p>\n\n\n\n<p>Appena aperta la porta di rue Gasparin, l&#8217;atrio vi avvolge in un arredamento unico, silenzioso e luminoso al tempo stesso, dove il legno caldo incontra il velluto dei divani. I dipinti alle pareti sono tanto grotteschi quanto accattivanti e sono destinati a strapparvi un sorriso. Questo spazio semi-privato di 60 m\u00b2 vive al ritmo di incontri e ispirazioni. Dalla mattina alla sera, potrete sorseggiare un caff\u00e8, condividere un sorriso o godervi l&#8217;ora del t\u00e8 con la famiglia. \u00c8 lo spazio di coworking per eccellenza, proprio nel cuore di Lione.    <\/p>\n<\/details>\n\n\n\n<div style=\"height:0px\" aria-hidden=\"true\" class=\"wp-block-spacer wp-container-content-49ec9b39\"><\/div>\n\n\n\n<div\nclass=\"slider slider__is-gallery slider__is-hidden alignfull wp-block-acf-slider\" id=\"slider-id-1\" data-gallery-id=\"gallery-slider-id-1\">\n\t<div class=\"wp-block-group\n\t\">\n\t\t<div class=\"swiper-wrapper slider__innerblocks\">\n\t\t\t<div\n\t\tclass=\"card swiper-slide wp-block-acf-card\" id=\"card-id--1\"\t\t>\n\t\n\t\t\t\t\t\t<a href=\"https:\/\/globeetcecilhotel.com\/wp-content\/uploads\/sites\/2\/2025\/03\/hotel_lyon_centre_bellecour29.jpg\" data-fancybox=\"gallery\" data-caption=\"hotel lyon centre bellecour29\"\n\t\t\t>\n\t\t\t\t<img decoding=\"async\" width=\"1024\" height=\"683\" src=\"https:\/\/globeetcecilhotel.com\/wp-content\/uploads\/sites\/2\/2025\/03\/hotel_lyon_centre_bellecour29-1024x683.jpg\" class=\"card__image\" alt=\"hotel lyon centre bellecour29\" srcset=\"https:\/\/globeetcecilhotel.com\/wp-content\/uploads\/sites\/2\/2025\/03\/hotel_lyon_centre_bellecour29-1024x683.jpg 1024w, https:\/\/globeetcecilhotel.com\/wp-content\/uploads\/sites\/2\/2025\/03\/hotel_lyon_centre_bellecour29-300x200.jpg 300w, https:\/\/globeetcecilhotel.com\/wp-content\/uploads\/sites\/2\/2025\/03\/hotel_lyon_centre_bellecour29-768x512.jpg 768w, https:\/\/globeetcecilhotel.com\/wp-content\/uploads\/sites\/2\/2025\/03\/hotel_lyon_centre_bellecour29-1536x1024.jpg 1536w, https:\/\/globeetcecilhotel.com\/wp-content\/uploads\/sites\/2\/2025\/03\/hotel_lyon_centre_bellecour29.jpg 1620w\" sizes=\"(max-width: 1024px) 100vw, 1024px\" \/>\t\t\t\t\t<\/a>\n\t\t\t\n\t\t<\/div>\n\t\n\n\t\t\t<div\n\t\tclass=\"card swiper-slide wp-block-acf-card\" id=\"card-id--2\"\t\t>\n\t\n\t\t\t\t\t\t<a href=\"https:\/\/globeetcecilhotel.com\/wp-content\/uploads\/sites\/2\/2025\/10\/meilleur-hotel-lyon-2.jpg\" data-fancybox=\"gallery\" data-caption=\"meilleur hotel lyon 2\"\n\t\t\t>\n\t\t\t\t<img decoding=\"async\" width=\"720\" height=\"1080\" src=\"https:\/\/globeetcecilhotel.com\/wp-content\/uploads\/sites\/2\/2025\/10\/meilleur-hotel-lyon-2.jpg\" class=\"card__image\" alt=\"meilleur hotel lyon 2\" srcset=\"https:\/\/globeetcecilhotel.com\/wp-content\/uploads\/sites\/2\/2025\/10\/meilleur-hotel-lyon-2.jpg 720w, https:\/\/globeetcecilhotel.com\/wp-content\/uploads\/sites\/2\/2025\/10\/meilleur-hotel-lyon-2-400x600.jpg 400w\" sizes=\"(max-width: 720px) 100vw, 720px\" \/>\t\t\t\t\t<\/a>\n\t\t\t\n\t\t<\/div>\n\t\n\n\t\t\t<div\n\t\tclass=\"card swiper-slide wp-block-acf-card\" id=\"card-id--3\"\t\t>\n\t\n\t\t\t\t\t\t<a href=\"https:\/\/globeetcecilhotel.com\/wp-content\/uploads\/sites\/2\/2025\/03\/Hotel_lyon_centreNoemie_frechet2.jpg\" data-fancybox=\"gallery\" data-caption=\"Hotel lyon centreNoemie frechet2\"\n\t\t\t>\n\t\t\t\t<img decoding=\"async\" width=\"683\" height=\"1024\" src=\"https:\/\/globeetcecilhotel.com\/wp-content\/uploads\/sites\/2\/2025\/03\/Hotel_lyon_centreNoemie_frechet2-683x1024.jpg\" class=\"card__image\" alt=\"Hotel lyon centreNoemie frechet2\" srcset=\"https:\/\/globeetcecilhotel.com\/wp-content\/uploads\/sites\/2\/2025\/03\/Hotel_lyon_centreNoemie_frechet2-683x1024.jpg 683w, https:\/\/globeetcecilhotel.com\/wp-content\/uploads\/sites\/2\/2025\/03\/Hotel_lyon_centreNoemie_frechet2-200x300.jpg 200w, https:\/\/globeetcecilhotel.com\/wp-content\/uploads\/sites\/2\/2025\/03\/Hotel_lyon_centreNoemie_frechet2.jpg 720w\" sizes=\"(max-width: 683px) 100vw, 683px\" \/>\t\t\t\t\t<\/a>\n\t\t\t\n\t\t<\/div>\n\t\n\n\t\t\t<div\n\t\tclass=\"card swiper-slide wp-block-acf-card\" id=\"card-id--4\"\t\t>\n\t\n\t\t\t\t\t\t<a href=\"https:\/\/globeetcecilhotel.com\/wp-content\/uploads\/sites\/2\/2025\/03\/hotel_lyon_centre_bellecour4.jpg\" data-fancybox=\"gallery\" data-caption=\"hotel lyon centre bellecour4\"\n\t\t\t>\n\t\t\t\t<img decoding=\"async\" width=\"683\" height=\"1024\" src=\"https:\/\/globeetcecilhotel.com\/wp-content\/uploads\/sites\/2\/2025\/03\/hotel_lyon_centre_bellecour4-683x1024.jpg\" class=\"card__image\" alt=\"hotel lyon centre bellecour4\" srcset=\"https:\/\/globeetcecilhotel.com\/wp-content\/uploads\/sites\/2\/2025\/03\/hotel_lyon_centre_bellecour4-683x1024.jpg 683w, https:\/\/globeetcecilhotel.com\/wp-content\/uploads\/sites\/2\/2025\/03\/hotel_lyon_centre_bellecour4-200x300.jpg 200w, https:\/\/globeetcecilhotel.com\/wp-content\/uploads\/sites\/2\/2025\/03\/hotel_lyon_centre_bellecour4.jpg 720w\" sizes=\"(max-width: 683px) 100vw, 683px\" \/>\t\t\t\t\t<\/a>\n\t\t\t\n\t\t<\/div>\n\t\n\n\t\t\t<div\n\t\tclass=\"card swiper-slide wp-block-acf-card\" id=\"card-id--5\"\t\t>\n\t\n\t\t\t\t\t\t<a href=\"https:\/\/globeetcecilhotel.com\/wp-content\/uploads\/sites\/2\/2025\/10\/hotel-de-charme-lyon.jpg\" data-fancybox=\"gallery\" data-caption=\"hotel de charme lyon\"\n\t\t\t>\n\t\t\t\t<img decoding=\"async\" width=\"720\" height=\"1080\" src=\"https:\/\/globeetcecilhotel.com\/wp-content\/uploads\/sites\/2\/2025\/10\/hotel-de-charme-lyon.jpg\" class=\"card__image\" alt=\"hotel de charme lyon\" srcset=\"https:\/\/globeetcecilhotel.com\/wp-content\/uploads\/sites\/2\/2025\/10\/hotel-de-charme-lyon.jpg 720w, https:\/\/globeetcecilhotel.com\/wp-content\/uploads\/sites\/2\/2025\/10\/hotel-de-charme-lyon-400x600.jpg 400w\" sizes=\"(max-width: 720px) 100vw, 720px\" \/>\t\t\t\t\t<\/a>\n\t\t\t\n\t\t<\/div>\n\t\n\n\t\t\t<div\n\t\tclass=\"card swiper-slide wp-block-acf-card\" id=\"card-id--6\"\t\t>\n\t\n\t\t\t\t\t\t<a href=\"https:\/\/globeetcecilhotel.com\/wp-content\/uploads\/sites\/2\/2025\/10\/IMG_2522.jpg\" data-fancybox=\"gallery\" data-caption=\"IMG 2522\"\n\t\t\t>\n\t\t\t\t<img decoding=\"async\" width=\"720\" height=\"1080\" src=\"https:\/\/globeetcecilhotel.com\/wp-content\/uploads\/sites\/2\/2025\/10\/IMG_2522.jpg\" class=\"card__image\" alt=\"IMG 2522\" srcset=\"https:\/\/globeetcecilhotel.com\/wp-content\/uploads\/sites\/2\/2025\/10\/IMG_2522.jpg 720w, https:\/\/globeetcecilhotel.com\/wp-content\/uploads\/sites\/2\/2025\/10\/IMG_2522-400x600.jpg 400w\" sizes=\"(max-width: 720px) 100vw, 720px\" \/>\t\t\t\t\t<\/a>\n\t\t\t\n\t\t<\/div>\n\t\n\n\t\t\t<div\n\t\tclass=\"card swiper-slide wp-block-acf-card\" id=\"card-id--7\"\t\t>\n\t\n\t\t\t\t\t\t<a href=\"https:\/\/globeetcecilhotel.com\/wp-content\/uploads\/sites\/2\/2025\/03\/hotel_lyon_centre_bellecour28.jpg\" data-fancybox=\"gallery\" data-caption=\"hotel lyon centre bellecour28\"\n\t\t\t>\n\t\t\t\t<img decoding=\"async\" width=\"1024\" height=\"683\" src=\"https:\/\/globeetcecilhotel.com\/wp-content\/uploads\/sites\/2\/2025\/03\/hotel_lyon_centre_bellecour28-1024x683.jpg\" class=\"card__image\" alt=\"hotel lyon centre bellecour28\" srcset=\"https:\/\/globeetcecilhotel.com\/wp-content\/uploads\/sites\/2\/2025\/03\/hotel_lyon_centre_bellecour28-1024x683.jpg 1024w, https:\/\/globeetcecilhotel.com\/wp-content\/uploads\/sites\/2\/2025\/03\/hotel_lyon_centre_bellecour28-300x200.jpg 300w, https:\/\/globeetcecilhotel.com\/wp-content\/uploads\/sites\/2\/2025\/03\/hotel_lyon_centre_bellecour28-768x512.jpg 768w, https:\/\/globeetcecilhotel.com\/wp-content\/uploads\/sites\/2\/2025\/03\/hotel_lyon_centre_bellecour28-1536x1024.jpg 1536w, https:\/\/globeetcecilhotel.com\/wp-content\/uploads\/sites\/2\/2025\/03\/hotel_lyon_centre_bellecour28.jpg 1620w\" sizes=\"(max-width: 1024px) 100vw, 1024px\" \/>\t\t\t\t\t<\/a>\n\t\t\t\n\t\t<\/div>\n\t\n<\/div>\n\t\t\t<\/div><!-- .swiper -->\n\n\t\t<div id=\"slider__gallery-button--slider-id-1\"\n\t\tclass=\"slider__gallery-button wp-block-button is-style-label-button is-style-label-button--5\"\n\t\tdata-gallery-trigger=\"gallery-slider-id-1\">\n\t\t<a class=\"wp-block-button__link wp-element-button\">Aprire la galleria fotografica<\/a>\n\t<\/div>\n\t<\/div>\n<\/div>\n\n\n\n<div class=\"wp-block-group is-layout-flow wp-block-group-is-layout-flow\">\n<figure class=\"wp-block-image size-full image-is-animate\"><img decoding=\"async\" width=\"720\" height=\"1080\" src=\"https:\/\/globeetcecilhotel.com\/wp-content\/uploads\/sites\/2\/2025\/03\/lobby_hotel_lyon_bellecour.jpg\" alt=\"\" class=\"wp-image-1588\" style=\"aspect-ratio:3\/4;object-fit:cover\" srcset=\"https:\/\/globeetcecilhotel.com\/wp-content\/uploads\/sites\/2\/2025\/03\/lobby_hotel_lyon_bellecour.jpg 720w, https:\/\/globeetcecilhotel.com\/wp-content\/uploads\/sites\/2\/2025\/03\/lobby_hotel_lyon_bellecour-200x300.jpg 200w, https:\/\/globeetcecilhotel.com\/wp-content\/uploads\/sites\/2\/2025\/03\/lobby_hotel_lyon_bellecour-683x1024.jpg 683w\" sizes=\"(max-width: 720px) 100vw, 720px\" \/><\/figure>\n<\/div>\n\n<\/div>\n\n<\/section>\n\n\t<section\n\t\tstyle=\"padding-top:var(--wp--preset--spacing--theme-default);padding-bottom:var(--wp--preset--spacing--theme-default);\" class=\"double-columns double-columns-reverse_colums_mobile wp-block-acf-double-columns has-background has-white-background-color has-global-padding is-layout-constrained wp-container-acf-double-columns-is-layout-a22d0bdd wp-block-acf-double-columns-is-layout-constrained\"\t>\n\n<div class=\"double-columns__innerblocks\">\n\n<div class=\"wp-block-group is-layout-flow wp-block-group-is-layout-flow\">\n<figure class=\"wp-block-image size-full image-is-animate\"><img decoding=\"async\" width=\"720\" height=\"1080\" src=\"https:\/\/globeetcecilhotel.com\/wp-content\/uploads\/sites\/2\/2025\/03\/restaurant_lyon_bellecour_comptoircecil.jpg\" alt=\"\" class=\"wp-image-904\" style=\"aspect-ratio:3\/4;object-fit:cover\" srcset=\"https:\/\/globeetcecilhotel.com\/wp-content\/uploads\/sites\/2\/2025\/03\/restaurant_lyon_bellecour_comptoircecil.jpg 720w, https:\/\/globeetcecilhotel.com\/wp-content\/uploads\/sites\/2\/2025\/03\/restaurant_lyon_bellecour_comptoircecil-200x300.jpg 200w, https:\/\/globeetcecilhotel.com\/wp-content\/uploads\/sites\/2\/2025\/03\/restaurant_lyon_bellecour_comptoircecil-683x1024.jpg 683w\" sizes=\"(max-width: 720px) 100vw, 720px\" \/><\/figure>\n<\/div>\n\n\n\n<div class=\"wp-block-group is-vertical is-content-justification-stretch is-nowrap is-layout-flex wp-container-core-group-is-layout-adcb2b14 wp-block-group-is-layout-flex\">\n<h2 class=\"wp-block-heading has-text-align-center\">Il ristorante:<em><mark class=\"has-inline-color has-secondary-color\"> l&#8217;effervescenza del<\/mark><\/em> Comptoir Cecil<\/h2>\n\n\n\n<p>Accomodatevi nel nostro elegante ristorante in stile bistrot, che pu\u00f2 ospitare fino a 45 persone. Sedetevi accanto alle finestre e lasciate che il vostro sguardo vaghi sulla vivace citt\u00e0 di Lione. <\/p>\n\n\n\n<div class=\"wp-block-buttons is-content-justification-center is-layout-flex wp-container-core-buttons-is-layout-a89b3969 wp-block-buttons-is-layout-flex\">\n<div class=\"wp-block-button is-style-label-button is-style-label-button--1\"><a class=\"wp-block-button__link wp-element-button\" href=\"https:\/\/comptoircecil.com\/\">Le comptoir cecil<\/a><\/div>\n<\/div>\n<\/div>\n\n<\/div>\n\n<\/section>\n\n\t<section\n\t\tstyle=\"padding-top:var(--wp--preset--spacing--theme-default);padding-bottom:var(--wp--preset--spacing--theme-default);\" class=\"double-columns wp-block-acf-double-columns has-background has-white-100-background-color has-global-padding is-layout-constrained wp-container-acf-double-columns-is-layout-a22d0bdd wp-block-acf-double-columns-is-layout-constrained\"\t>\n\n<div class=\"double-columns__innerblocks\">\n\n<div class=\"wp-block-group is-vertical is-content-justification-stretch is-layout-flex wp-container-core-group-is-layout-5621715d wp-block-group-is-layout-flex\">\n<h2 class=\"wp-block-heading has-text-align-center\">La terrazza :<br\/>una vacanza <em><mark class=\"has-inline-color has-secondary-color\">in citt\u00e0<\/mark><\/em><\/h2>\n\n\n\n<p>Al riparo dal trambusto di Lione, la nostra terrazza vi trasporta in una bolla segreta dove il tempo sembra essersi fermato. Tranquilla e in posizione ideale, \u00e8 perfetta per un pranzo al sole o per una pausa con cioccolata calda.  Il tutto nel cuore di Lione.<\/p>\n\n\n\n<div\nclass=\"slider slider__is-gallery slider__is-hidden alignfull wp-block-acf-slider\" id=\"slider-id-2\" data-gallery-id=\"gallery-slider-id-2\">\n\t<div class=\"wp-block-group\n\t\">\n\t\t<div class=\"swiper-wrapper slider__innerblocks\">\n\t\t\t<div\n\t\tclass=\"card swiper-slide wp-block-acf-card\" id=\"card-id--8\"\t\t>\n\t\n\t\t\t\t\t\t<a href=\"https:\/\/globeetcecilhotel.com\/wp-content\/uploads\/sites\/2\/2025\/10\/plus-jolies-terrasses-de-lyon2.jpg\" data-fancybox=\"gallery\" data-caption=\"plus jolies terrasses de lyon2\"\n\t\t\t>\n\t\t\t\t<img decoding=\"async\" width=\"720\" height=\"1080\" src=\"https:\/\/globeetcecilhotel.com\/wp-content\/uploads\/sites\/2\/2025\/10\/plus-jolies-terrasses-de-lyon2.jpg\" class=\"card__image\" alt=\"plus jolies terrasses de lyon2\" srcset=\"https:\/\/globeetcecilhotel.com\/wp-content\/uploads\/sites\/2\/2025\/10\/plus-jolies-terrasses-de-lyon2.jpg 720w, https:\/\/globeetcecilhotel.com\/wp-content\/uploads\/sites\/2\/2025\/10\/plus-jolies-terrasses-de-lyon2-400x600.jpg 400w\" sizes=\"(max-width: 720px) 100vw, 720px\" \/>\t\t\t\t\t<\/a>\n\t\t\t\n\t\t<\/div>\n\t\n\n\t\t\t<div\n\t\tclass=\"card swiper-slide wp-block-acf-card\" id=\"card-id--9\"\t\t>\n\t\n\t\t\t\t\t\t<a href=\"https:\/\/globeetcecilhotel.com\/wp-content\/uploads\/sites\/2\/2025\/10\/plus-jolies-terrasses-de-lyon4.jpg\" data-fancybox=\"gallery\" data-caption=\"plus jolies terrasses de lyon4\"\n\t\t\t>\n\t\t\t\t<img decoding=\"async\" width=\"720\" height=\"1080\" src=\"https:\/\/globeetcecilhotel.com\/wp-content\/uploads\/sites\/2\/2025\/10\/plus-jolies-terrasses-de-lyon4.jpg\" class=\"card__image\" alt=\"plus jolies terrasses de lyon4\" srcset=\"https:\/\/globeetcecilhotel.com\/wp-content\/uploads\/sites\/2\/2025\/10\/plus-jolies-terrasses-de-lyon4.jpg 720w, https:\/\/globeetcecilhotel.com\/wp-content\/uploads\/sites\/2\/2025\/10\/plus-jolies-terrasses-de-lyon4-400x600.jpg 400w\" sizes=\"(max-width: 720px) 100vw, 720px\" \/>\t\t\t\t\t<\/a>\n\t\t\t\n\t\t<\/div>\n\t\n\n\t\t\t<div\n\t\tclass=\"card swiper-slide wp-block-acf-card\" id=\"card-id--10\"\t\t>\n\t\n\t\t\t\t\t\t<a href=\"https:\/\/globeetcecilhotel.com\/wp-content\/uploads\/sites\/2\/2025\/10\/plus-jolies-terrasses-de-lyon6.png\" data-fancybox=\"gallery\" data-caption=\"plus jolies terrasses de lyon6\"\n\t\t\t>\n\t\t\t\t<img decoding=\"async\" width=\"720\" height=\"1080\" src=\"https:\/\/globeetcecilhotel.com\/wp-content\/uploads\/sites\/2\/2025\/10\/plus-jolies-terrasses-de-lyon6.png\" class=\"card__image\" alt=\"plus jolies terrasses de lyon6\" srcset=\"https:\/\/globeetcecilhotel.com\/wp-content\/uploads\/sites\/2\/2025\/10\/plus-jolies-terrasses-de-lyon6.png 720w, https:\/\/globeetcecilhotel.com\/wp-content\/uploads\/sites\/2\/2025\/10\/plus-jolies-terrasses-de-lyon6-400x600.png 400w\" sizes=\"(max-width: 720px) 100vw, 720px\" \/>\t\t\t\t\t<\/a>\n\t\t\t\n\t\t<\/div>\n\t\n\n\t\t\t<div\n\t\tclass=\"card swiper-slide wp-block-acf-card\" id=\"card-id--11\"\t\t>\n\t\n\t\t\t\t\t\t<a href=\"https:\/\/globeetcecilhotel.com\/wp-content\/uploads\/sites\/2\/2025\/10\/plus-jolies-terrasses-de-lyon1.jpg\" data-fancybox=\"gallery\" data-caption=\"plus jolies terrasses de lyon1\"\n\t\t\t>\n\t\t\t\t<img decoding=\"async\" width=\"1400\" height=\"933\" src=\"https:\/\/globeetcecilhotel.com\/wp-content\/uploads\/sites\/2\/2025\/10\/plus-jolies-terrasses-de-lyon1-1400x933.jpg\" class=\"card__image\" alt=\"plus jolies terrasses de lyon1\" srcset=\"https:\/\/globeetcecilhotel.com\/wp-content\/uploads\/sites\/2\/2025\/10\/plus-jolies-terrasses-de-lyon1-1400x933.jpg 1400w, https:\/\/globeetcecilhotel.com\/wp-content\/uploads\/sites\/2\/2025\/10\/plus-jolies-terrasses-de-lyon1-600x400.jpg 600w, https:\/\/globeetcecilhotel.com\/wp-content\/uploads\/sites\/2\/2025\/10\/plus-jolies-terrasses-de-lyon1-768x512.jpg 768w, https:\/\/globeetcecilhotel.com\/wp-content\/uploads\/sites\/2\/2025\/10\/plus-jolies-terrasses-de-lyon1-1536x1024.jpg 1536w, https:\/\/globeetcecilhotel.com\/wp-content\/uploads\/sites\/2\/2025\/10\/plus-jolies-terrasses-de-lyon1.jpg 1620w\" sizes=\"(max-width: 1400px) 100vw, 1400px\" \/>\t\t\t\t\t<\/a>\n\t\t\t\n\t\t<\/div>\n\t\n\n\t\t\t<div\n\t\tclass=\"card swiper-slide wp-block-acf-card\" id=\"card-id--12\"\t\t>\n\t\n\t\t\t\t\t\t<a href=\"https:\/\/globeetcecilhotel.com\/wp-content\/uploads\/sites\/2\/2025\/10\/plus-jolies-terrasses-de-lyon3.jpg\" data-fancybox=\"gallery\" data-caption=\"plus jolies terrasses de lyon3\"\n\t\t\t>\n\t\t\t\t<img decoding=\"async\" width=\"720\" height=\"1080\" src=\"https:\/\/globeetcecilhotel.com\/wp-content\/uploads\/sites\/2\/2025\/10\/plus-jolies-terrasses-de-lyon3.jpg\" class=\"card__image\" alt=\"plus jolies terrasses de lyon3\" srcset=\"https:\/\/globeetcecilhotel.com\/wp-content\/uploads\/sites\/2\/2025\/10\/plus-jolies-terrasses-de-lyon3.jpg 720w, https:\/\/globeetcecilhotel.com\/wp-content\/uploads\/sites\/2\/2025\/10\/plus-jolies-terrasses-de-lyon3-400x600.jpg 400w\" sizes=\"(max-width: 720px) 100vw, 720px\" \/>\t\t\t\t\t<\/a>\n\t\t\t\n\t\t<\/div>\n\t\n\n\t\t\t<div\n\t\tclass=\"card swiper-slide wp-block-acf-card\" id=\"card-id--13\"\t\t>\n\t\n\t\t\t\t\t\t<a href=\"https:\/\/globeetcecilhotel.com\/wp-content\/uploads\/sites\/2\/2025\/10\/plus-jolies-terrasses-de-lyon5.jpg\" data-fancybox=\"gallery\" data-caption=\"plus jolies terrasses de lyon5\"\n\t\t\t>\n\t\t\t\t<img decoding=\"async\" width=\"720\" height=\"1080\" src=\"https:\/\/globeetcecilhotel.com\/wp-content\/uploads\/sites\/2\/2025\/10\/plus-jolies-terrasses-de-lyon5.jpg\" class=\"card__image\" alt=\"plus jolies terrasses de lyon5\" srcset=\"https:\/\/globeetcecilhotel.com\/wp-content\/uploads\/sites\/2\/2025\/10\/plus-jolies-terrasses-de-lyon5.jpg 720w, https:\/\/globeetcecilhotel.com\/wp-content\/uploads\/sites\/2\/2025\/10\/plus-jolies-terrasses-de-lyon5-400x600.jpg 400w\" sizes=\"(max-width: 720px) 100vw, 720px\" \/>\t\t\t\t\t<\/a>\n\t\t\t\n\t\t<\/div>\n\t\n<\/div>\n\t\t\t<\/div><!-- .swiper -->\n\n\t\t<div id=\"slider__gallery-button--slider-id-2\"\n\t\tclass=\"slider__gallery-button wp-block-button is-style-label-button is-style-label-button--5\"\n\t\tdata-gallery-trigger=\"gallery-slider-id-2\">\n\t\t<a class=\"wp-block-button__link wp-element-button\">Aprire la galleria fotografica<\/a>\n\t<\/div>\n\t<\/div>\n<\/div>\n\n\n\n<div class=\"wp-block-group is-layout-flow wp-block-group-is-layout-flow\">\n<figure class=\"wp-block-image size-full image-is-animate\"><img decoding=\"async\" width=\"720\" height=\"1080\" src=\"https:\/\/globeetcecilhotel.com\/wp-content\/uploads\/sites\/2\/2025\/03\/terrasse_restaurant_lyon_bellecour.jpg\" alt=\"\" class=\"wp-image-906\" style=\"aspect-ratio:3\/4;object-fit:cover\" srcset=\"https:\/\/globeetcecilhotel.com\/wp-content\/uploads\/sites\/2\/2025\/03\/terrasse_restaurant_lyon_bellecour.jpg 720w, https:\/\/globeetcecilhotel.com\/wp-content\/uploads\/sites\/2\/2025\/03\/terrasse_restaurant_lyon_bellecour-200x300.jpg 200w, https:\/\/globeetcecilhotel.com\/wp-content\/uploads\/sites\/2\/2025\/03\/terrasse_restaurant_lyon_bellecour-683x1024.jpg 683w\" sizes=\"(max-width: 720px) 100vw, 720px\" \/><\/figure>\n<\/div>\n\n<\/div>\n\n<\/section>\n\n\t<section\n\t\tstyle=\"padding-top:var(--wp--preset--spacing--theme-default);padding-bottom:var(--wp--preset--spacing--theme-default);\" class=\"double-columns double-columns-reverse_colums_mobile wp-block-acf-double-columns has-background has-white-background-color has-global-padding is-layout-constrained wp-container-acf-double-columns-is-layout-a22d0bdd wp-block-acf-double-columns-is-layout-constrained\"\t>\n\n<div class=\"double-columns__innerblocks\">\n\n<div class=\"wp-block-group is-layout-flow wp-block-group-is-layout-flow\">\n<figure class=\"wp-block-image size-full image-is-animate\"><img decoding=\"async\" width=\"720\" height=\"1080\" src=\"https:\/\/globeetcecilhotel.com\/wp-content\/uploads\/sites\/2\/2025\/03\/esapces_seminaires_lyon-bellecour.jpg\" alt=\"\" class=\"wp-image-1591\" style=\"aspect-ratio:3\/4;object-fit:cover\" title=\"\" srcset=\"https:\/\/globeetcecilhotel.com\/wp-content\/uploads\/sites\/2\/2025\/03\/esapces_seminaires_lyon-bellecour.jpg 720w, https:\/\/globeetcecilhotel.com\/wp-content\/uploads\/sites\/2\/2025\/03\/esapces_seminaires_lyon-bellecour-200x300.jpg 200w, https:\/\/globeetcecilhotel.com\/wp-content\/uploads\/sites\/2\/2025\/03\/esapces_seminaires_lyon-bellecour-683x1024.jpg 683w\" sizes=\"(max-width: 720px) 100vw, 720px\" \/><\/figure>\n<\/div>\n\n\n\n<div class=\"wp-block-group is-vertical is-content-justification-stretch is-layout-flex wp-container-core-group-is-layout-5621715d wp-block-group-is-layout-flex\">\n<h2 class=\"wp-block-heading has-text-align-center\">Spazi per<em><mark class=\"has-inline-color has-secondary-color\"> eventi<\/mark><\/em>:<br\/>per momenti condivisi<\/h2>\n\n\n\n<p>Scoprite i nostri 100 m\u00b2 di sale per seminari flessibili e inondate di luce naturale. Con la loro zona cucina privata e l&#8217;atmosfera elegantemente eccentrica, queste sale offrono un&#8217;alternativa insolita per i vostri eventi aziendali o privati. <\/p>\n\n\n\n<div class=\"wp-block-buttons is-content-justification-center is-layout-flex wp-container-core-buttons-is-layout-a89b3969 wp-block-buttons-is-layout-flex\">\n<div class=\"wp-block-button is-style-label-button is-style-label-button--2\"><a class=\"wp-block-button__link wp-element-button\" href=\"https:\/\/www.leclubdesaubergistes.fr\/\">Le club cecil<\/a><\/div>\n<\/div>\n<\/div>\n\n<\/div>\n\n<\/section>\n","protected":false},"excerpt":{"rendered":"","protected":false},"author":2,"featured_media":0,"parent":3418,"menu_order":0,"comment_status":"closed","ping_status":"closed","template":"","meta":{"_acf_changed":false,"inline_featured_image":false,"footnotes":""},"class_list":["post-3986","page","type-page","status-publish","hentry"],"acf":[],"yoast_head":"<!-- This site is optimized with the Yoast SEO plugin v27.4 - https:\/\/yoast.com\/product\/yoast-seo-wordpress\/ -->\n<title>Insolito hotel di charme nel cuore di Lione - quartiere Bellecour<\/title>\n<meta name=\"description\" content=\"Globe &amp; Cecil - Un&#039;esperienza unica in un insolito boutique hotel nel quartiere Bellecour di Lione. Un ambiente accogliente ed elegante per un soggiorno eccezionale.\" \/>\n<meta name=\"robots\" content=\"index, follow, max-snippet:-1, max-image-preview:large, max-video-preview:-1\" \/>\n<link rel=\"canonical\" href=\"https:\/\/globeetcecilhotel.com\/it\/hotel-di-charme-4-stelle\/i-nostri-spazi\/\" \/>\n<meta property=\"og:locale\" content=\"it_IT\" \/>\n<meta property=\"og:type\" content=\"article\" \/>\n<meta property=\"og:title\" content=\"Insolito hotel di charme nel cuore di Lione - quartiere Bellecour\" \/>\n<meta property=\"og:description\" content=\"Globe &amp; Cecil - Un&#039;esperienza unica in un insolito boutique hotel nel quartiere Bellecour di Lione. Un ambiente accogliente ed elegante per un soggiorno eccezionale.\" \/>\n<meta property=\"og:url\" content=\"https:\/\/globeetcecilhotel.com\/it\/hotel-di-charme-4-stelle\/i-nostri-spazi\/\" \/>\n<meta property=\"og:site_name\" content=\"Globe Cecil\" \/>\n<meta property=\"article:modified_time\" content=\"2025-10-22T08:36:27+00:00\" \/>\n<meta property=\"og:image\" content=\"https:\/\/globeetcecilhotel.com\/wp-content\/uploads\/sites\/2\/2025\/03\/lobby_hotel_lyon_bellecour.jpg\" \/>\n<meta name=\"twitter:card\" content=\"summary_large_image\" \/>\n<meta name=\"twitter:label1\" content=\"Tempo di lettura stimato\" \/>\n\t<meta name=\"twitter:data1\" content=\"2 minuto\" \/>\n<script type=\"application\/ld+json\" class=\"yoast-schema-graph\">{\"@context\":\"https:\\\/\\\/schema.org\",\"@graph\":[{\"@type\":\"WebPage\",\"@id\":\"https:\\\/\\\/globeetcecilhotel.com\\\/it\\\/hotel-di-charme-4-stelle\\\/i-nostri-spazi\\\/\",\"url\":\"https:\\\/\\\/globeetcecilhotel.com\\\/it\\\/hotel-di-charme-4-stelle\\\/i-nostri-spazi\\\/\",\"name\":\"Insolito hotel di charme nel cuore di Lione - quartiere Bellecour\",\"isPartOf\":{\"@id\":\"https:\\\/\\\/globeetcecilhotel.com\\\/it\\\/#website\"},\"primaryImageOfPage\":{\"@id\":\"https:\\\/\\\/globeetcecilhotel.com\\\/it\\\/hotel-di-charme-4-stelle\\\/i-nostri-spazi\\\/#primaryimage\"},\"image\":{\"@id\":\"https:\\\/\\\/globeetcecilhotel.com\\\/it\\\/hotel-di-charme-4-stelle\\\/i-nostri-spazi\\\/#primaryimage\"},\"thumbnailUrl\":\"https:\\\/\\\/globeetcecilhotel.com\\\/wp-content\\\/uploads\\\/sites\\\/2\\\/2025\\\/03\\\/lobby_hotel_lyon_bellecour.jpg\",\"datePublished\":\"2025-04-23T08:20:05+00:00\",\"dateModified\":\"2025-10-22T08:36:27+00:00\",\"description\":\"Globe & Cecil - Un'esperienza unica in un insolito boutique hotel nel quartiere Bellecour di Lione. Un ambiente accogliente ed elegante per un soggiorno eccezionale.\",\"breadcrumb\":{\"@id\":\"https:\\\/\\\/globeetcecilhotel.com\\\/it\\\/hotel-di-charme-4-stelle\\\/i-nostri-spazi\\\/#breadcrumb\"},\"inLanguage\":\"it-IT\",\"potentialAction\":[{\"@type\":\"ReadAction\",\"target\":[\"https:\\\/\\\/globeetcecilhotel.com\\\/it\\\/hotel-di-charme-4-stelle\\\/i-nostri-spazi\\\/\"]}]},{\"@type\":\"ImageObject\",\"inLanguage\":\"it-IT\",\"@id\":\"https:\\\/\\\/globeetcecilhotel.com\\\/it\\\/hotel-di-charme-4-stelle\\\/i-nostri-spazi\\\/#primaryimage\",\"url\":\"https:\\\/\\\/globeetcecilhotel.com\\\/wp-content\\\/uploads\\\/sites\\\/2\\\/2025\\\/03\\\/lobby_hotel_lyon_bellecour.jpg\",\"contentUrl\":\"https:\\\/\\\/globeetcecilhotel.com\\\/wp-content\\\/uploads\\\/sites\\\/2\\\/2025\\\/03\\\/lobby_hotel_lyon_bellecour.jpg\"},{\"@type\":\"BreadcrumbList\",\"@id\":\"https:\\\/\\\/globeetcecilhotel.com\\\/it\\\/hotel-di-charme-4-stelle\\\/i-nostri-spazi\\\/#breadcrumb\",\"itemListElement\":[{\"@type\":\"ListItem\",\"position\":1,\"name\":\"Accueil\",\"item\":\"https:\\\/\\\/globeetcecilhotel.com\\\/it\\\/\"},{\"@type\":\"ListItem\",\"position\":2,\"name\":\"L&rsquo;albergo\",\"item\":\"https:\\\/\\\/globeetcecilhotel.com\\\/it\\\/hotel-di-charme-4-stelle\\\/\"},{\"@type\":\"ListItem\",\"position\":3,\"name\":\"I nostri spazi\"}]},{\"@type\":\"WebSite\",\"@id\":\"https:\\\/\\\/globeetcecilhotel.com\\\/it\\\/#website\",\"url\":\"https:\\\/\\\/globeetcecilhotel.com\\\/it\\\/\",\"name\":\"Globe Cecil\",\"description\":\"H\u00f4tel 4 \u00e9toiles \u00e0 Lyon\",\"publisher\":{\"@id\":\"https:\\\/\\\/globeetcecilhotel.com\\\/it\\\/#organization\"},\"potentialAction\":[{\"@type\":\"SearchAction\",\"target\":{\"@type\":\"EntryPoint\",\"urlTemplate\":\"https:\\\/\\\/globeetcecilhotel.com\\\/it\\\/?s={search_term_string}\"},\"query-input\":{\"@type\":\"PropertyValueSpecification\",\"valueRequired\":true,\"valueName\":\"search_term_string\"}}],\"inLanguage\":\"it-IT\"},{\"@type\":\"Organization\",\"@id\":\"https:\\\/\\\/globeetcecilhotel.com\\\/it\\\/#organization\",\"name\":\"Globe Cecil\",\"url\":\"https:\\\/\\\/globeetcecilhotel.com\\\/it\\\/\",\"logo\":{\"@type\":\"ImageObject\",\"inLanguage\":\"it-IT\",\"@id\":\"https:\\\/\\\/globeetcecilhotel.com\\\/it\\\/#\\\/schema\\\/logo\\\/image\\\/\",\"url\":\"https:\\\/\\\/globeetcecilhotel.com\\\/wp-content\\\/uploads\\\/sites\\\/2\\\/2025\\\/03\\\/LOGO-Globe-et-Cecil.svg\",\"contentUrl\":\"https:\\\/\\\/globeetcecilhotel.com\\\/wp-content\\\/uploads\\\/sites\\\/2\\\/2025\\\/03\\\/LOGO-Globe-et-Cecil.svg\",\"width\":108,\"height\":44,\"caption\":\"Globe Cecil\"},\"image\":{\"@id\":\"https:\\\/\\\/globeetcecilhotel.com\\\/it\\\/#\\\/schema\\\/logo\\\/image\\\/\"}}]}<\/script>\n<!-- \/ Yoast SEO plugin. -->","yoast_head_json":{"title":"Insolito hotel di charme nel cuore di Lione - quartiere Bellecour","description":"Globe & Cecil - Un'esperienza unica in un insolito boutique hotel nel quartiere Bellecour di Lione. Un ambiente accogliente ed elegante per un soggiorno eccezionale.","robots":{"index":"index","follow":"follow","max-snippet":"max-snippet:-1","max-image-preview":"max-image-preview:large","max-video-preview":"max-video-preview:-1"},"canonical":"https:\/\/globeetcecilhotel.com\/it\/hotel-di-charme-4-stelle\/i-nostri-spazi\/","og_locale":"it_IT","og_type":"article","og_title":"Insolito hotel di charme nel cuore di Lione - quartiere Bellecour","og_description":"Globe & Cecil - Un'esperienza unica in un insolito boutique hotel nel quartiere Bellecour di Lione. Un ambiente accogliente ed elegante per un soggiorno eccezionale.","og_url":"https:\/\/globeetcecilhotel.com\/it\/hotel-di-charme-4-stelle\/i-nostri-spazi\/","og_site_name":"Globe Cecil","article_modified_time":"2025-10-22T08:36:27+00:00","og_image":[{"url":"https:\/\/globeetcecilhotel.com\/wp-content\/uploads\/sites\/2\/2025\/03\/lobby_hotel_lyon_bellecour.jpg","type":"","width":"","height":""}],"twitter_card":"summary_large_image","twitter_misc":{"Tempo di lettura stimato":"2 minuto"},"schema":{"@context":"https:\/\/schema.org","@graph":[{"@type":"WebPage","@id":"https:\/\/globeetcecilhotel.com\/it\/hotel-di-charme-4-stelle\/i-nostri-spazi\/","url":"https:\/\/globeetcecilhotel.com\/it\/hotel-di-charme-4-stelle\/i-nostri-spazi\/","name":"Insolito hotel di charme nel cuore di Lione - quartiere Bellecour","isPartOf":{"@id":"https:\/\/globeetcecilhotel.com\/it\/#website"},"primaryImageOfPage":{"@id":"https:\/\/globeetcecilhotel.com\/it\/hotel-di-charme-4-stelle\/i-nostri-spazi\/#primaryimage"},"image":{"@id":"https:\/\/globeetcecilhotel.com\/it\/hotel-di-charme-4-stelle\/i-nostri-spazi\/#primaryimage"},"thumbnailUrl":"https:\/\/globeetcecilhotel.com\/wp-content\/uploads\/sites\/2\/2025\/03\/lobby_hotel_lyon_bellecour.jpg","datePublished":"2025-04-23T08:20:05+00:00","dateModified":"2025-10-22T08:36:27+00:00","description":"Globe & Cecil - Un'esperienza unica in un insolito boutique hotel nel quartiere Bellecour di Lione. Un ambiente accogliente ed elegante per un soggiorno eccezionale.","breadcrumb":{"@id":"https:\/\/globeetcecilhotel.com\/it\/hotel-di-charme-4-stelle\/i-nostri-spazi\/#breadcrumb"},"inLanguage":"it-IT","potentialAction":[{"@type":"ReadAction","target":["https:\/\/globeetcecilhotel.com\/it\/hotel-di-charme-4-stelle\/i-nostri-spazi\/"]}]},{"@type":"ImageObject","inLanguage":"it-IT","@id":"https:\/\/globeetcecilhotel.com\/it\/hotel-di-charme-4-stelle\/i-nostri-spazi\/#primaryimage","url":"https:\/\/globeetcecilhotel.com\/wp-content\/uploads\/sites\/2\/2025\/03\/lobby_hotel_lyon_bellecour.jpg","contentUrl":"https:\/\/globeetcecilhotel.com\/wp-content\/uploads\/sites\/2\/2025\/03\/lobby_hotel_lyon_bellecour.jpg"},{"@type":"BreadcrumbList","@id":"https:\/\/globeetcecilhotel.com\/it\/hotel-di-charme-4-stelle\/i-nostri-spazi\/#breadcrumb","itemListElement":[{"@type":"ListItem","position":1,"name":"Accueil","item":"https:\/\/globeetcecilhotel.com\/it\/"},{"@type":"ListItem","position":2,"name":"L&rsquo;albergo","item":"https:\/\/globeetcecilhotel.com\/it\/hotel-di-charme-4-stelle\/"},{"@type":"ListItem","position":3,"name":"I nostri spazi"}]},{"@type":"WebSite","@id":"https:\/\/globeetcecilhotel.com\/it\/#website","url":"https:\/\/globeetcecilhotel.com\/it\/","name":"Globe Cecil","description":"H\u00f4tel 4 \u00e9toiles \u00e0 Lyon","publisher":{"@id":"https:\/\/globeetcecilhotel.com\/it\/#organization"},"potentialAction":[{"@type":"SearchAction","target":{"@type":"EntryPoint","urlTemplate":"https:\/\/globeetcecilhotel.com\/it\/?s={search_term_string}"},"query-input":{"@type":"PropertyValueSpecification","valueRequired":true,"valueName":"search_term_string"}}],"inLanguage":"it-IT"},{"@type":"Organization","@id":"https:\/\/globeetcecilhotel.com\/it\/#organization","name":"Globe Cecil","url":"https:\/\/globeetcecilhotel.com\/it\/","logo":{"@type":"ImageObject","inLanguage":"it-IT","@id":"https:\/\/globeetcecilhotel.com\/it\/#\/schema\/logo\/image\/","url":"https:\/\/globeetcecilhotel.com\/wp-content\/uploads\/sites\/2\/2025\/03\/LOGO-Globe-et-Cecil.svg","contentUrl":"https:\/\/globeetcecilhotel.com\/wp-content\/uploads\/sites\/2\/2025\/03\/LOGO-Globe-et-Cecil.svg","width":108,"height":44,"caption":"Globe Cecil"},"image":{"@id":"https:\/\/globeetcecilhotel.com\/it\/#\/schema\/logo\/image\/"}}]}},"_links":{"self":[{"href":"https:\/\/globeetcecilhotel.com\/it\/wp-json\/wp\/v2\/pages\/3986","targetHints":{"allow":["GET"]}}],"collection":[{"href":"https:\/\/globeetcecilhotel.com\/it\/wp-json\/wp\/v2\/pages"}],"about":[{"href":"https:\/\/globeetcecilhotel.com\/it\/wp-json\/wp\/v2\/types\/page"}],"author":[{"embeddable":true,"href":"https:\/\/globeetcecilhotel.com\/it\/wp-json\/wp\/v2\/users\/2"}],"replies":[{"embeddable":true,"href":"https:\/\/globeetcecilhotel.com\/it\/wp-json\/wp\/v2\/comments?post=3986"}],"version-history":[{"count":6,"href":"https:\/\/globeetcecilhotel.com\/it\/wp-json\/wp\/v2\/pages\/3986\/revisions"}],"predecessor-version":[{"id":6745,"href":"https:\/\/globeetcecilhotel.com\/it\/wp-json\/wp\/v2\/pages\/3986\/revisions\/6745"}],"up":[{"embeddable":true,"href":"https:\/\/globeetcecilhotel.com\/it\/wp-json\/wp\/v2\/pages\/3418"}],"wp:attachment":[{"href":"https:\/\/globeetcecilhotel.com\/it\/wp-json\/wp\/v2\/media?parent=3986"}],"curies":[{"name":"wp","href":"https:\/\/api.w.org\/{rel}","templated":true}]}}